{"id":2,"date":"2025-11-19T12:46:16","date_gmt":"2025-11-19T12:46:16","guid":{"rendered":"https:\/\/www.bfv.cloud\/ajedrezeuropa\/?page_id=2"},"modified":"2025-12-11T09:52:31","modified_gmt":"2025-12-11T08:52:31","slug":"sample-page","status":"publish","type":"page","link":"https:\/\/www.bfv.cloud\/ajedrezeuropa\/","title":{"rendered":"Portada"},"content":{"rendered":"\t\t<div data-elementor-type=\"wp-page\" data-elementor-id=\"2\" class=\"elementor elementor-2\" data-elementor-post-type=\"page\">\n\t\t\t\t<div class=\"elementor-element elementor-element-a31932d e-flex e-con-boxed e-con e-parent\" data-id=\"a31932d\" data-element_type=\"container\" data-settings=\"{&quot;background_background&quot;:&quot;classic&quot;}\">\n\t\t\t\t\t<div class=\"e-con-inner\">\n\t\t<div class=\"elementor-element elementor-element-fa1e15c e-con-full e-flex e-con e-child\" data-id=\"fa1e15c\" data-element_type=\"container\">\n\t\t\t\t<div class=\"elementor-element elementor-element-98edcb8 elementor-widget elementor-widget-heading\" data-id=\"98edcb8\" data-element_type=\"widget\" data-widget_type=\"heading.default\">\n\t\t\t\t\t<h4 class=\"elementor-heading-title elementor-size-default\">Te damos la bienvenida a <\/h4>\t\t\t\t<\/div>\n\t\t\t\t<div class=\"elementor-element elementor-element-15a3dce elementor-widget elementor-widget-heading\" data-id=\"15a3dce\" data-element_type=\"widget\" data-widget_type=\"heading.default\">\n\t\t\t\t\t<h1 class=\"elementor-heading-title elementor-size-default\">NUESTRO AJEDREZ EN EUROPA\n<\/h1>\t\t\t\t<\/div>\n\t\t\t\t<div class=\"elementor-element elementor-element-ac0f2a4 elementor-widget elementor-widget-text-editor\" data-id=\"ac0f2a4\" data-element_type=\"widget\" data-widget_type=\"text-editor.default\">\n\t\t\t\t\t\t\t\t\t<p class=\"p1\">Somos un proyecto educativo y deportivo del que naci\u00f3 el programa m\u00e1s ambicioso de introducci\u00f3n del ajedrez transversal en la Educaci\u00f3n: \u00abEL AJEDREZ EN LA ESCUELA, UNA ESTRATEGIA EDUCATIVA\u00bb implantado en los colegios p\u00fablicos de Illescas.<\/p><p class=\"p1\">En el plano deportivo, gestiona las escuelas de ajedrez de Alc\u00e1zar de San Juan, Illescas, Villafranca de los Caballeros y Consuegra.<\/p><p class=\"p2\">Existen 3 clubes deportivos vinculados al proyecto general: Nuestro Ajedrez en Europa<span class=\"s1\">, <\/span>Nuestro Ajedrez por la Igualdad y Ajedrez en la Escuela-Illescas.<\/p>\t\t\t\t\t\t\t\t<\/div>\n\t\t\t\t<div class=\"elementor-element elementor-element-3609b90 elementor-mobile-align-center elementor-widget elementor-widget-button\" data-id=\"3609b90\" data-element_type=\"widget\" data-widget_type=\"button.default\">\n\t\t\t\t\t\t\t\t\t\t<a class=\"elementor-button elementor-button-link elementor-size-sm\" href=\"https:\/\/www.bfv.cloud\/ajedrezeuropa\/sobre-nosotros\/\">\n\t\t\t\t\t\t<span class=\"elementor-button-content-wrapper\">\n\t\t\t\t\t\t\t\t\t<span class=\"elementor-button-text\">CON\u00d3CENOS<\/span>\n\t\t\t\t\t<\/span>\n\t\t\t\t\t<\/a>\n\t\t\t\t\t\t\t\t<\/div>\n\t\t\t\t<\/div>\n\t\t<div class=\"elementor-element elementor-element-11d9fa7 e-con-full e-flex e-con e-child\" data-id=\"11d9fa7\" data-element_type=\"container\">\n\t\t\t\t<div class=\"elementor-element elementor-element-a2468f2 elementor-widget__width-initial elementor-widget elementor-widget-image\" data-id=\"a2468f2\" data-element_type=\"widget\" data-widget_type=\"image.default\">\n\t\t\t\t\t\t\t\t\t\t\t\t\t\t\t<img fetchpriority=\"high\" decoding=\"async\" width=\"800\" height=\"800\" src=\"https:\/\/www.bfv.cloud\/ajedrezeuropa\/wp-content\/uploads\/2025\/12\/1-FIDE-Emblum-Silver-ILLESCAS-1024x1024.png\" class=\"attachment-large size-large wp-image-4692\" alt=\"\" srcset=\"https:\/\/www.bfv.cloud\/ajedrezeuropa\/wp-content\/uploads\/2025\/12\/1-FIDE-Emblum-Silver-ILLESCAS-1024x1024.png 1024w, https:\/\/www.bfv.cloud\/ajedrezeuropa\/wp-content\/uploads\/2025\/12\/1-FIDE-Emblum-Silver-ILLESCAS-300x300.png 300w, https:\/\/www.bfv.cloud\/ajedrezeuropa\/wp-content\/uploads\/2025\/12\/1-FIDE-Emblum-Silver-ILLESCAS-150x150.png 150w, https:\/\/www.bfv.cloud\/ajedrezeuropa\/wp-content\/uploads\/2025\/12\/1-FIDE-Emblum-Silver-ILLESCAS-768x768.png 768w, https:\/\/www.bfv.cloud\/ajedrezeuropa\/wp-content\/uploads\/2025\/12\/1-FIDE-Emblum-Silver-ILLESCAS-1536x1536.png 1536w, https:\/\/www.bfv.cloud\/ajedrezeuropa\/wp-content\/uploads\/2025\/12\/1-FIDE-Emblum-Silver-ILLESCAS-2048x2048.png 2048w\" sizes=\"(max-width: 800px) 100vw, 800px\" \/>\t\t\t\t\t\t\t\t\t\t\t\t\t\t\t<\/div>\n\t\t\t\t<\/div>\n\t\t\t\t\t<\/div>\n\t\t\t\t<\/div>\n\t\t<div class=\"elementor-element elementor-element-11584db e-flex e-con-boxed e-con e-parent\" data-id=\"11584db\" data-element_type=\"container\">\n\t\t\t\t\t<div class=\"e-con-inner\">\n\t\t<div class=\"elementor-element elementor-element-5dc15d6 e-con-full e-flex e-con e-child\" data-id=\"5dc15d6\" data-element_type=\"container\">\n\t\t\t\t<div class=\"elementor-element elementor-element-09fee88 elementor-widget elementor-widget-heading\" data-id=\"09fee88\" data-element_type=\"widget\" data-widget_type=\"heading.default\">\n\t\t\t\t\t<h4 class=\"elementor-heading-title elementor-size-default\">Servicios<\/h4>\t\t\t\t<\/div>\n\t\t\t\t<div class=\"elementor-element elementor-element-524fa60 elementor-widget elementor-widget-heading\" data-id=\"524fa60\" data-element_type=\"widget\" data-widget_type=\"heading.default\">\n\t\t\t\t\t<h2 class=\"elementor-heading-title elementor-size-default\">Nuestro Ajedrez en Europa ofrece un equipo de profesionales dentro del campo educativo y formativo en ajedrez.<\/h2>\t\t\t\t<\/div>\n\t\t\t\t<div class=\"elementor-element elementor-element-268522f elementor-widget elementor-widget-text-editor\" data-id=\"268522f\" data-element_type=\"widget\" data-widget_type=\"text-editor.default\">\n\t\t\t\t\t\t\t\t\t<p class=\"p1\">La experiencia de una d\u00e9cada en la formaci\u00f3n del alumnado de primaria y del profesorado de Educaci\u00f3n Primaria y Secundaria, a trav\u00e9s de los cursos anuales impartidos en colaboraci\u00f3n con el C.R.F.P. (Centro Regional de Formaci\u00f3n al Profesorado de la Junta de Comunidades de Castilla-La Mancha), nos permite una adaptaci\u00f3n flexible a todo tipo de necesidades.<\/p>\t\t\t\t\t\t\t\t<\/div>\n\t\t\t\t<div class=\"elementor-element elementor-element-7cc1c41 elementor-widget elementor-widget-button\" data-id=\"7cc1c41\" data-element_type=\"widget\" data-widget_type=\"button.default\">\n\t\t\t\t\t\t\t\t\t\t<a class=\"elementor-button elementor-button-link elementor-size-sm\" href=\"https:\/\/www.bfv.cloud\/ajedrezeuropa\/servicios\/\">\n\t\t\t\t\t\t<span class=\"elementor-button-content-wrapper\">\n\t\t\t\t\t\t\t\t\t<span class=\"elementor-button-text\">CONOCE NUESTROS CAMPOS DE TRABAJO<\/span>\n\t\t\t\t\t<\/span>\n\t\t\t\t\t<\/a>\n\t\t\t\t\t\t\t\t<\/div>\n\t\t\t\t<\/div>\n\t\t<div class=\"elementor-element elementor-element-88af7da e-con-full e-flex e-con e-child\" data-id=\"88af7da\" data-element_type=\"container\">\n\t\t\t\t<div class=\"elementor-element elementor-element-934ac8c elementor-widget elementor-widget-image\" data-id=\"934ac8c\" data-element_type=\"widget\" data-widget_type=\"image.default\">\n\t\t\t\t\t\t\t\t\t\t\t\t\t\t\t<img decoding=\"async\" width=\"600\" height=\"600\" src=\"https:\/\/www.bfv.cloud\/ajedrezeuropa\/wp-content\/uploads\/2025\/12\/chess-set-PBRN2UX.png\" class=\"attachment-full size-full wp-image-4547\" alt=\"\" srcset=\"https:\/\/www.bfv.cloud\/ajedrezeuropa\/wp-content\/uploads\/2025\/12\/chess-set-PBRN2UX.png 600w, https:\/\/www.bfv.cloud\/ajedrezeuropa\/wp-content\/uploads\/2025\/12\/chess-set-PBRN2UX-300x300.png 300w, https:\/\/www.bfv.cloud\/ajedrezeuropa\/wp-content\/uploads\/2025\/12\/chess-set-PBRN2UX-150x150.png 150w\" sizes=\"(max-width: 600px) 100vw, 600px\" \/>\t\t\t\t\t\t\t\t\t\t\t\t\t\t\t<\/div>\n\t\t\t\t<\/div>\n\t\t\t\t\t<\/div>\n\t\t\t\t<\/div>\n\t\t<div class=\"elementor-element elementor-element-642a33e e-flex e-con-boxed e-con e-parent\" data-id=\"642a33e\" data-element_type=\"container\">\n\t\t\t\t\t<div class=\"e-con-inner\">\n\t\t\t\t<div class=\"elementor-element elementor-element-7fe2e85 elementor-widget elementor-widget-heading\" data-id=\"7fe2e85\" data-element_type=\"widget\" data-widget_type=\"heading.default\">\n\t\t\t\t\t<h2 class=\"elementor-heading-title elementor-size-default\">\u00daltimas noticias<\/h2>\t\t\t\t<\/div>\n\t\t\t\t<div class=\"elementor-element elementor-element-3000ea7 elementor-grid-3 elementor-grid-tablet-2 elementor-grid-mobile-1 elementor-posts--thumbnail-top elementor-card-shadow-yes elementor-posts__hover-gradient elementor-widget elementor-widget-posts\" data-id=\"3000ea7\" data-element_type=\"widget\" data-settings=\"{&quot;cards_columns&quot;:&quot;3&quot;,&quot;cards_columns_tablet&quot;:&quot;2&quot;,&quot;cards_columns_mobile&quot;:&quot;1&quot;,&quot;cards_row_gap&quot;:{&quot;unit&quot;:&quot;px&quot;,&quot;size&quot;:35,&quot;sizes&quot;:[]},&quot;cards_row_gap_tablet&quot;:{&quot;unit&quot;:&quot;px&quot;,&quot;size&quot;:&quot;&quot;,&quot;sizes&quot;:[]},&quot;cards_row_gap_mobile&quot;:{&quot;unit&quot;:&quot;px&quot;,&quot;size&quot;:&quot;&quot;,&quot;sizes&quot;:[]}}\" data-widget_type=\"posts.cards\">\n\t\t\t\t<div class=\"elementor-widget-container\">\n\t\t\t\t\t\t\t<div class=\"elementor-posts-container elementor-posts elementor-posts--skin-cards elementor-grid\" role=\"list\">\n\t\t\t\t<article class=\"elementor-post elementor-grid-item post-4691 post type-post status-publish format-standard has-post-thumbnail hentry category-noticias\" role=\"listitem\">\n\t\t\t<div class=\"elementor-post__card\">\n\t\t\t\t<a class=\"elementor-post__thumbnail__link\" href=\"https:\/\/www.bfv.cloud\/ajedrezeuropa\/medalla-de-bronce-para-el-equipo-juvenil-de-nuestro-ajedrez-en-europa-en-la-xvi-copa-de-espana-por-equipos\/\" tabindex=\"-1\" ><div class=\"elementor-post__thumbnail\"><img decoding=\"async\" width=\"640\" height=\"397\" src=\"https:\/\/www.bfv.cloud\/ajedrezeuropa\/wp-content\/uploads\/2025\/12\/1-ENTREGA-PREMIO-S18.jpg\" class=\"attachment-large size-large wp-image-4699\" alt=\"\" srcset=\"https:\/\/www.bfv.cloud\/ajedrezeuropa\/wp-content\/uploads\/2025\/12\/1-ENTREGA-PREMIO-S18.jpg 640w, https:\/\/www.bfv.cloud\/ajedrezeuropa\/wp-content\/uploads\/2025\/12\/1-ENTREGA-PREMIO-S18-300x186.jpg 300w\" sizes=\"(max-width: 640px) 100vw, 640px\" \/><\/div><\/a>\n\t\t\t\t<div class=\"elementor-post__text\">\n\t\t\t\t<h3 class=\"elementor-post__title\">\n\t\t\t<a href=\"https:\/\/www.bfv.cloud\/ajedrezeuropa\/medalla-de-bronce-para-el-equipo-juvenil-de-nuestro-ajedrez-en-europa-en-la-xvi-copa-de-espana-por-equipos\/\" >\n\t\t\t\tMEDALLA DE BRONCE PARA EL EQUIPO JUVENIL DE NUESTRO AJEDREZ EN EUROPA EN LA XVI COPA DE ESPA\u00d1A POR EQUIPOS\t\t\t<\/a>\n\t\t<\/h3>\n\t\t\t\t<div class=\"elementor-post__excerpt\">\n\t\t\t<p>Nuestro Ajedrez en Europa&nbsp;suma una nueva medalla en un campeonato nacional de la categor\u00eda juvenil en la XVI Copa de<\/p>\n\t\t<\/div>\n\t\t\n\t\t<a class=\"elementor-post__read-more\" href=\"https:\/\/www.bfv.cloud\/ajedrezeuropa\/medalla-de-bronce-para-el-equipo-juvenil-de-nuestro-ajedrez-en-europa-en-la-xvi-copa-de-espana-por-equipos\/\" aria-label=\"Read more about MEDALLA DE BRONCE PARA EL EQUIPO JUVENIL DE NUESTRO AJEDREZ EN EUROPA EN LA XVI COPA DE ESPA\u00d1A POR EQUIPOS\" tabindex=\"-1\" >\n\t\t\tVer m\u00e1s \u00bb\t\t<\/a>\n\n\t\t\t\t<\/div>\n\t\t\t\t<div class=\"elementor-post__meta-data\">\n\t\t\t\t\t<span class=\"elementor-post-date\">\n\t\t\t10\/12\/2025\t\t<\/span>\n\t\t\t\t<\/div>\n\t\t\t\t\t<\/div>\n\t\t<\/article>\n\t\t\t\t<article class=\"elementor-post elementor-grid-item post-4690 post type-post status-publish format-standard has-post-thumbnail hentry category-noticias\" role=\"listitem\">\n\t\t\t<div class=\"elementor-post__card\">\n\t\t\t\t<a class=\"elementor-post__thumbnail__link\" href=\"https:\/\/www.bfv.cloud\/ajedrezeuropa\/xix-torneo-de-navidad-ajedrez-por-la-igualdad-2026\/\" tabindex=\"-1\" ><div class=\"elementor-post__thumbnail\"><img loading=\"lazy\" decoding=\"async\" width=\"448\" height=\"640\" src=\"https:\/\/www.bfv.cloud\/ajedrezeuropa\/wp-content\/uploads\/2025\/12\/1-CARTEL-TORNEO-IGUALDAD-2026.jpg\" class=\"attachment-large size-large wp-image-4696\" alt=\"\" srcset=\"https:\/\/www.bfv.cloud\/ajedrezeuropa\/wp-content\/uploads\/2025\/12\/1-CARTEL-TORNEO-IGUALDAD-2026.jpg 448w, https:\/\/www.bfv.cloud\/ajedrezeuropa\/wp-content\/uploads\/2025\/12\/1-CARTEL-TORNEO-IGUALDAD-2026-210x300.jpg 210w\" sizes=\"(max-width: 448px) 100vw, 448px\" \/><\/div><\/a>\n\t\t\t\t<div class=\"elementor-post__text\">\n\t\t\t\t<h3 class=\"elementor-post__title\">\n\t\t\t<a href=\"https:\/\/www.bfv.cloud\/ajedrezeuropa\/xix-torneo-de-navidad-ajedrez-por-la-igualdad-2026\/\" >\n\t\t\t\tXIX TORNEO DE NAVIDAD \u00abAJEDREZ POR LA IGUALDAD\u00bb 2026\t\t\t<\/a>\n\t\t<\/h3>\n\t\t\t\t<div class=\"elementor-post__excerpt\">\n\t\t\t<p>El s\u00e1bado 3 de enero de 2026 tendr\u00e1 lugar la 19\u00aa edici\u00f3n del Torneo \u00abAjedrez por la Igualdad\u00bb. Comenzar\u00e1 a<\/p>\n\t\t<\/div>\n\t\t\n\t\t<a class=\"elementor-post__read-more\" href=\"https:\/\/www.bfv.cloud\/ajedrezeuropa\/xix-torneo-de-navidad-ajedrez-por-la-igualdad-2026\/\" aria-label=\"Read more about XIX TORNEO DE NAVIDAD \u00abAJEDREZ POR LA IGUALDAD\u00bb 2026\" tabindex=\"-1\" >\n\t\t\tVer m\u00e1s \u00bb\t\t<\/a>\n\n\t\t\t\t<\/div>\n\t\t\t\t<div class=\"elementor-post__meta-data\">\n\t\t\t\t\t<span class=\"elementor-post-date\">\n\t\t\t10\/12\/2025\t\t<\/span>\n\t\t\t\t<\/div>\n\t\t\t\t\t<\/div>\n\t\t<\/article>\n\t\t\t\t<article class=\"elementor-post elementor-grid-item post-4678 post type-post status-publish format-standard has-post-thumbnail hentry category-noticias\" role=\"listitem\">\n\t\t\t<div class=\"elementor-post__card\">\n\t\t\t\t<a class=\"elementor-post__thumbnail__link\" href=\"https:\/\/www.bfv.cloud\/ajedrezeuropa\/la-xvii-concentracion-de-navidad-se-celebrara-del-26-al-28-de-diciembre-en-villafranca-de-los-caballeros\/\" tabindex=\"-1\" ><div class=\"elementor-post__thumbnail\"><img loading=\"lazy\" decoding=\"async\" width=\"445\" height=\"640\" src=\"https:\/\/www.bfv.cloud\/ajedrezeuropa\/wp-content\/uploads\/2025\/12\/1-CARTEL-XVII-CONCENTRACION-2025.jpg\" class=\"attachment-large size-large wp-image-4679\" alt=\"\" srcset=\"https:\/\/www.bfv.cloud\/ajedrezeuropa\/wp-content\/uploads\/2025\/12\/1-CARTEL-XVII-CONCENTRACION-2025.jpg 445w, https:\/\/www.bfv.cloud\/ajedrezeuropa\/wp-content\/uploads\/2025\/12\/1-CARTEL-XVII-CONCENTRACION-2025-209x300.jpg 209w\" sizes=\"(max-width: 445px) 100vw, 445px\" \/><\/div><\/a>\n\t\t\t\t<div class=\"elementor-post__text\">\n\t\t\t\t<h3 class=\"elementor-post__title\">\n\t\t\t<a href=\"https:\/\/www.bfv.cloud\/ajedrezeuropa\/la-xvii-concentracion-de-navidad-se-celebrara-del-26-al-28-de-diciembre-en-villafranca-de-los-caballeros\/\" >\n\t\t\t\tLA XVII CONCENTRACI\u00d3N DE NAVIDAD SE CELEBRAR\u00c1 DEL 26 AL 28 DE DICIEMBRE EN VILLAFRANCA DE LOS CABALLEROS\t\t\t<\/a>\n\t\t<\/h3>\n\t\t\t\t<div class=\"elementor-post__excerpt\">\n\t\t\t<p>Del 26 al 28 de diciembre se celebrar\u00e1 una nueva edici\u00f3n de nuestra Concentraci\u00f3n de Navidad. Este es una de<\/p>\n\t\t<\/div>\n\t\t\n\t\t<a class=\"elementor-post__read-more\" href=\"https:\/\/www.bfv.cloud\/ajedrezeuropa\/la-xvii-concentracion-de-navidad-se-celebrara-del-26-al-28-de-diciembre-en-villafranca-de-los-caballeros\/\" aria-label=\"Read more about LA XVII CONCENTRACI\u00d3N DE NAVIDAD SE CELEBRAR\u00c1 DEL 26 AL 28 DE DICIEMBRE EN VILLAFRANCA DE LOS CABALLEROS\" tabindex=\"-1\" >\n\t\t\tVer m\u00e1s \u00bb\t\t<\/a>\n\n\t\t\t\t<\/div>\n\t\t\t\t<div class=\"elementor-post__meta-data\">\n\t\t\t\t\t<span class=\"elementor-post-date\">\n\t\t\t09\/12\/2025\t\t<\/span>\n\t\t\t\t<\/div>\n\t\t\t\t\t<\/div>\n\t\t<\/article>\n\t\t\t\t<article class=\"elementor-post elementor-grid-item post-3524 post type-post status-publish format-standard has-post-thumbnail hentry category-noticias\" role=\"listitem\">\n\t\t\t<div class=\"elementor-post__card\">\n\t\t\t\t<a class=\"elementor-post__thumbnail__link\" href=\"https:\/\/www.bfv.cloud\/ajedrezeuropa\/abiertas-las-inscripciones-para-nuestras-escuelas-deportivas-de-alcazar-de-san-juan-illescas-consuegra-y-villafranca-de-los-caballeros\/\" tabindex=\"-1\" ><div class=\"elementor-post__thumbnail\"><img loading=\"lazy\" decoding=\"async\" width=\"723\" height=\"1024\" src=\"https:\/\/www.bfv.cloud\/ajedrezeuropa\/wp-content\/uploads\/2025\/09\/CARTEL20ESCUELA20AJEDREZ20ILLESCAS202025-26-1-723x1024.jpeg\" class=\"attachment-large size-large wp-image-3525\" alt=\"\" srcset=\"https:\/\/www.bfv.cloud\/ajedrezeuropa\/wp-content\/uploads\/2025\/09\/CARTEL20ESCUELA20AJEDREZ20ILLESCAS202025-26-1-723x1024.jpeg 723w, https:\/\/www.bfv.cloud\/ajedrezeuropa\/wp-content\/uploads\/2025\/09\/CARTEL20ESCUELA20AJEDREZ20ILLESCAS202025-26-1-212x300.jpeg 212w, https:\/\/www.bfv.cloud\/ajedrezeuropa\/wp-content\/uploads\/2025\/09\/CARTEL20ESCUELA20AJEDREZ20ILLESCAS202025-26-1-768x1088.jpeg 768w, https:\/\/www.bfv.cloud\/ajedrezeuropa\/wp-content\/uploads\/2025\/09\/CARTEL20ESCUELA20AJEDREZ20ILLESCAS202025-26-1-1085x1536.jpeg 1085w, https:\/\/www.bfv.cloud\/ajedrezeuropa\/wp-content\/uploads\/2025\/09\/CARTEL20ESCUELA20AJEDREZ20ILLESCAS202025-26-1.jpeg 1235w\" sizes=\"(max-width: 723px) 100vw, 723px\" \/><\/div><\/a>\n\t\t\t\t<div class=\"elementor-post__text\">\n\t\t\t\t<h3 class=\"elementor-post__title\">\n\t\t\t<a href=\"https:\/\/www.bfv.cloud\/ajedrezeuropa\/abiertas-las-inscripciones-para-nuestras-escuelas-deportivas-de-alcazar-de-san-juan-illescas-consuegra-y-villafranca-de-los-caballeros\/\" >\n\t\t\t\tABIERTAS LAS INSCRIPCIONES PARA NUESTRAS ESCUELAS DEPORTIVAS DE ALC\u00c1ZAR DE SAN JUAN, ILLESCAS, CONSUEGRA Y VILLAFRANCA DE LOS CABALLEROS\t\t\t<\/a>\n\t\t<\/h3>\n\t\t\t\t<div class=\"elementor-post__excerpt\">\n\t\t\t<p>&nbsp; A finales de este mes de septiembre comenzar\u00e1n las clases en nuestras 4 escuelas deportivas, conforme al siguiente orden<\/p>\n\t\t<\/div>\n\t\t\n\t\t<a class=\"elementor-post__read-more\" href=\"https:\/\/www.bfv.cloud\/ajedrezeuropa\/abiertas-las-inscripciones-para-nuestras-escuelas-deportivas-de-alcazar-de-san-juan-illescas-consuegra-y-villafranca-de-los-caballeros\/\" aria-label=\"Read more about ABIERTAS LAS INSCRIPCIONES PARA NUESTRAS ESCUELAS DEPORTIVAS DE ALC\u00c1ZAR DE SAN JUAN, ILLESCAS, CONSUEGRA Y VILLAFRANCA DE LOS CABALLEROS\" tabindex=\"-1\" >\n\t\t\tVer m\u00e1s \u00bb\t\t<\/a>\n\n\t\t\t\t<\/div>\n\t\t\t\t<div class=\"elementor-post__meta-data\">\n\t\t\t\t\t<span class=\"elementor-post-date\">\n\t\t\t09\/09\/2025\t\t<\/span>\n\t\t\t\t<\/div>\n\t\t\t\t\t<\/div>\n\t\t<\/article>\n\t\t\t\t<article class=\"elementor-post elementor-grid-item post-3854 post type-post status-publish format-standard has-post-thumbnail hentry category-noticias\" role=\"listitem\">\n\t\t\t<div class=\"elementor-post__card\">\n\t\t\t\t<a class=\"elementor-post__thumbnail__link\" href=\"https:\/\/www.bfv.cloud\/ajedrezeuropa\/ix-torneo-de-ajedrez-de-illescas-sabado-20-de-septiembre\/\" tabindex=\"-1\" ><div class=\"elementor-post__thumbnail\"><img loading=\"lazy\" decoding=\"async\" width=\"661\" height=\"908\" src=\"https:\/\/www.bfv.cloud\/ajedrezeuropa\/wp-content\/uploads\/2025\/09\/CARTEL20TORNEO_001-1.jpg\" class=\"attachment-large size-large wp-image-3855\" alt=\"\" srcset=\"https:\/\/www.bfv.cloud\/ajedrezeuropa\/wp-content\/uploads\/2025\/09\/CARTEL20TORNEO_001-1.jpg 661w, https:\/\/www.bfv.cloud\/ajedrezeuropa\/wp-content\/uploads\/2025\/09\/CARTEL20TORNEO_001-1-218x300.jpg 218w\" sizes=\"(max-width: 661px) 100vw, 661px\" \/><\/div><\/a>\n\t\t\t\t<div class=\"elementor-post__text\">\n\t\t\t\t<h3 class=\"elementor-post__title\">\n\t\t\t<a href=\"https:\/\/www.bfv.cloud\/ajedrezeuropa\/ix-torneo-de-ajedrez-de-illescas-sabado-20-de-septiembre\/\" >\n\t\t\t\tIX TORNEO DE AJEDREZ DE ILLESCAS, S\u00c1BADO 20 DE SEPTIEMBRE\t\t\t<\/a>\n\t\t<\/h3>\n\t\t\t\t<div class=\"elementor-post__excerpt\">\n\t\t\t<p>&nbsp; El s\u00e1bado 20 de septiembre a las 10 de la ma\u00f1ana comenzar\u00e1 el IX Torneo de Illescas en el<\/p>\n\t\t<\/div>\n\t\t\n\t\t<a class=\"elementor-post__read-more\" href=\"https:\/\/www.bfv.cloud\/ajedrezeuropa\/ix-torneo-de-ajedrez-de-illescas-sabado-20-de-septiembre\/\" aria-label=\"Read more about IX TORNEO DE AJEDREZ DE ILLESCAS, S\u00c1BADO 20 DE SEPTIEMBRE\" tabindex=\"-1\" >\n\t\t\tVer m\u00e1s \u00bb\t\t<\/a>\n\n\t\t\t\t<\/div>\n\t\t\t\t<div class=\"elementor-post__meta-data\">\n\t\t\t\t\t<span class=\"elementor-post-date\">\n\t\t\t01\/09\/2025\t\t<\/span>\n\t\t\t\t<\/div>\n\t\t\t\t\t<\/div>\n\t\t<\/article>\n\t\t\t\t<article class=\"elementor-post elementor-grid-item post-2814 post type-post status-publish format-standard has-post-thumbnail hentry category-noticias\" role=\"listitem\">\n\t\t\t<div class=\"elementor-post__card\">\n\t\t\t\t<a class=\"elementor-post__thumbnail__link\" href=\"https:\/\/www.bfv.cloud\/ajedrezeuropa\/v-torneo-de-feria-de-consuegra-domingo-21-de-septiembre\/\" tabindex=\"-1\" ><div class=\"elementor-post__thumbnail\"><img loading=\"lazy\" decoding=\"async\" width=\"727\" height=\"1024\" src=\"https:\/\/www.bfv.cloud\/ajedrezeuropa\/wp-content\/uploads\/2025\/08\/CARTEL20V20TORNEO20DE20CONSUEGRA-1-727x1024.jpg\" class=\"attachment-large size-large wp-image-2815\" alt=\"\" srcset=\"https:\/\/www.bfv.cloud\/ajedrezeuropa\/wp-content\/uploads\/2025\/08\/CARTEL20V20TORNEO20DE20CONSUEGRA-1-727x1024.jpg 727w, https:\/\/www.bfv.cloud\/ajedrezeuropa\/wp-content\/uploads\/2025\/08\/CARTEL20V20TORNEO20DE20CONSUEGRA-1-213x300.jpg 213w, https:\/\/www.bfv.cloud\/ajedrezeuropa\/wp-content\/uploads\/2025\/08\/CARTEL20V20TORNEO20DE20CONSUEGRA-1-768x1082.jpg 768w, https:\/\/www.bfv.cloud\/ajedrezeuropa\/wp-content\/uploads\/2025\/08\/CARTEL20V20TORNEO20DE20CONSUEGRA-1-1091x1536.jpg 1091w, https:\/\/www.bfv.cloud\/ajedrezeuropa\/wp-content\/uploads\/2025\/08\/CARTEL20V20TORNEO20DE20CONSUEGRA-1-1454x2048.jpg 1454w, https:\/\/www.bfv.cloud\/ajedrezeuropa\/wp-content\/uploads\/2025\/08\/CARTEL20V20TORNEO20DE20CONSUEGRA-1-scaled.jpg 1818w\" sizes=\"(max-width: 727px) 100vw, 727px\" \/><\/div><\/a>\n\t\t\t\t<div class=\"elementor-post__text\">\n\t\t\t\t<h3 class=\"elementor-post__title\">\n\t\t\t<a href=\"https:\/\/www.bfv.cloud\/ajedrezeuropa\/v-torneo-de-feria-de-consuegra-domingo-21-de-septiembre\/\" >\n\t\t\t\tV TORNEO DE FERIA DE CONSUEGRA, DOMINGO 21 DE SEPTIEMBRE\t\t\t<\/a>\n\t\t<\/h3>\n\t\t\t\t<div class=\"elementor-post__excerpt\">\n\t\t\t<p>&nbsp; El domingo 21 de septiembre la sala de usos m\u00faltiples de Consuegra acoger\u00e1 la 5\u00aa edici\u00f3n del Torneo de<\/p>\n\t\t<\/div>\n\t\t\n\t\t<a class=\"elementor-post__read-more\" href=\"https:\/\/www.bfv.cloud\/ajedrezeuropa\/v-torneo-de-feria-de-consuegra-domingo-21-de-septiembre\/\" aria-label=\"Read more about V TORNEO DE FERIA DE CONSUEGRA, DOMINGO 21 DE SEPTIEMBRE\" tabindex=\"-1\" >\n\t\t\tVer m\u00e1s \u00bb\t\t<\/a>\n\n\t\t\t\t<\/div>\n\t\t\t\t<div class=\"elementor-post__meta-data\">\n\t\t\t\t\t<span class=\"elementor-post-date\">\n\t\t\t29\/08\/2025\t\t<\/span>\n\t\t\t\t<\/div>\n\t\t\t\t\t<\/div>\n\t\t<\/article>\n\t\t\t\t<\/div>\n\t\t\n\t\t\t\t\t\t<\/div>\n\t\t\t\t<\/div>\n\t\t\t\t\t<\/div>\n\t\t\t\t<\/div>\n\t\t\t\t<\/div>\n\t\t","protected":false},"excerpt":{"rendered":"<p>Te damos la bienvenida a NUESTRO AJEDREZ EN EUROPA Somos un proyecto educativo y deportivo del que naci\u00f3 el programa m\u00e1s ambicioso de introducci\u00f3n del ajedrez transversal en la Educaci\u00f3n: \u00abEL AJEDREZ EN LA ESCUELA, UNA ESTRATEGIA EDUCATIVA\u00bb implantado en los colegios p\u00fablicos de Illescas. En el plano deportivo, gestiona las escuelas de ajedrez de [&hellip;]<\/p>\n","protected":false},"author":1,"featured_media":0,"parent":0,"menu_order":0,"comment_status":"closed","ping_status":"open","template":"","meta":{"footnotes":""},"class_list":["post-2","page","type-page","status-publish","hentry"],"_links":{"self":[{"href":"https:\/\/www.bfv.cloud\/ajedrezeuropa\/wp-json\/wp\/v2\/pages\/2","targetHints":{"allow":["GET"]}}],"collection":[{"href":"https:\/\/www.bfv.cloud\/ajedrezeuropa\/wp-json\/wp\/v2\/pages"}],"about":[{"href":"https:\/\/www.bfv.cloud\/ajedrezeuropa\/wp-json\/wp\/v2\/types\/page"}],"author":[{"embeddable":true,"href":"https:\/\/www.bfv.cloud\/ajedrezeuropa\/wp-json\/wp\/v2\/users\/1"}],"replies":[{"embeddable":true,"href":"https:\/\/www.bfv.cloud\/ajedrezeuropa\/wp-json\/wp\/v2\/comments?post=2"}],"version-history":[{"count":19,"href":"https:\/\/www.bfv.cloud\/ajedrezeuropa\/wp-json\/wp\/v2\/pages\/2\/revisions"}],"predecessor-version":[{"id":4695,"href":"https:\/\/www.bfv.cloud\/ajedrezeuropa\/wp-json\/wp\/v2\/pages\/2\/revisions\/4695"}],"wp:attachment":[{"href":"https:\/\/www.bfv.cloud\/ajedrezeuropa\/wp-json\/wp\/v2\/media?parent=2"}],"curies":[{"name":"wp","href":"https:\/\/api.w.org\/{rel}","templated":true}]}}