{"id":7,"date":"2025-12-02T13:42:19","date_gmt":"2025-12-02T12:42:19","guid":{"rendered":"https:\/\/www.bfv.cloud\/ajedrezeuropa\/?page_id=7"},"modified":"2025-12-09T11:33:47","modified_gmt":"2025-12-09T10:33:47","slug":"servicios","status":"publish","type":"page","link":"https:\/\/www.bfv.cloud\/ajedrezeuropa\/servicios\/","title":{"rendered":"Servicios"},"content":{"rendered":"\t\t<div data-elementor-type=\"wp-post\" data-elementor-id=\"7\" class=\"elementor elementor-7\" data-elementor-post-type=\"page\">\n\t\t\t\t<div class=\"elementor-element elementor-element-5a0dcf2 e-flex e-con-boxed e-con e-parent\" data-id=\"5a0dcf2\" data-element_type=\"container\" data-settings=\"{&quot;background_background&quot;:&quot;classic&quot;}\">\n\t\t\t\t\t<div class=\"e-con-inner\">\n\t\t<div class=\"elementor-element elementor-element-72ad928 e-con-full e-flex e-con e-child\" data-id=\"72ad928\" data-element_type=\"container\">\n\t\t\t\t<div class=\"elementor-element elementor-element-bc5acb2 elementor-widget elementor-widget-heading\" data-id=\"bc5acb2\" data-element_type=\"widget\" data-widget_type=\"heading.default\">\n\t\t\t\t\t<h1 class=\"elementor-heading-title elementor-size-default\">Servicios<\/h1>\t\t\t\t<\/div>\n\t\t\t\t<div class=\"elementor-element elementor-element-e827084 elementor-widget elementor-widget-heading\" data-id=\"e827084\" data-element_type=\"widget\" data-widget_type=\"heading.default\">\n\t\t\t\t\t<h2 class=\"elementor-heading-title elementor-size-default\">Nuestro Ajedrez en Europa ofrece un equipo de profesionales dentro del campo educativo y formativo en ajedrez. <\/h2>\t\t\t\t<\/div>\n\t\t\t\t<div class=\"elementor-element elementor-element-4c2ae43 elementor-widget elementor-widget-text-editor\" data-id=\"4c2ae43\" data-element_type=\"widget\" data-widget_type=\"text-editor.default\">\n\t\t\t\t\t\t\t\t\t<p class=\"p1\">La experiencia de una d\u00e9cada en la formaci\u00f3n del alumnado de primaria y del profesorado de Educaci\u00f3n Primaria y Secundaria, a trav\u00e9s de los cursos anuales impartidos en colaboraci\u00f3n con el C.R.F.P. (Centro Regional de Formaci\u00f3n al Profesorado de la Junta de Comunidades de Castilla-La Mancha), nos permite una adaptaci\u00f3n flexible a todo tipo de necesidades.<\/p><p class=\"p1\"><strong>El proyecto trabaja en los siguientes campos.<\/strong><\/p>\t\t\t\t\t\t\t\t<\/div>\n\t\t<div class=\"elementor-element elementor-element-3c20833 e-con-full e-grid e-con e-child\" data-id=\"3c20833\" data-element_type=\"container\">\n\t\t<div class=\"elementor-element elementor-element-985d7dd e-con-full e-flex e-con e-child\" data-id=\"985d7dd\" data-element_type=\"container\">\n\t\t\t\t<div class=\"elementor-element elementor-element-c2b062c elementor-widget elementor-widget-image\" data-id=\"c2b062c\" data-element_type=\"widget\" data-widget_type=\"image.default\">\n\t\t\t\t\t\t\t\t\t\t\t\t\t\t\t\t<a href=\"#\">\n\t\t\t\t\t\t\t<img fetchpriority=\"high\" decoding=\"async\" width=\"600\" height=\"600\" src=\"https:\/\/www.bfv.cloud\/ajedrezeuropa\/wp-content\/uploads\/2025\/12\/icon8.png\" class=\"attachment-full size-full wp-image-4537\" alt=\"\" srcset=\"https:\/\/www.bfv.cloud\/ajedrezeuropa\/wp-content\/uploads\/2025\/12\/icon8.png 600w, https:\/\/www.bfv.cloud\/ajedrezeuropa\/wp-content\/uploads\/2025\/12\/icon8-300x300.png 300w, https:\/\/www.bfv.cloud\/ajedrezeuropa\/wp-content\/uploads\/2025\/12\/icon8-150x150.png 150w\" sizes=\"(max-width: 600px) 100vw, 600px\" \/>\t\t\t\t\t\t\t\t<\/a>\n\t\t\t\t\t\t\t\t\t\t\t\t\t\t\t<\/div>\n\t\t\t\t<div class=\"elementor-element elementor-element-ba88771 elementor-widget elementor-widget-heading\" data-id=\"ba88771\" data-element_type=\"widget\" data-widget_type=\"heading.default\">\n\t\t\t\t\t<h3 class=\"elementor-heading-title elementor-size-default\">Ajedrez para la Educaci\u00f3n<\/h3>\t\t\t\t<\/div>\n\t\t\t\t<div class=\"elementor-element elementor-element-07c390b elementor-widget elementor-widget-text-editor\" data-id=\"07c390b\" data-element_type=\"widget\" data-widget_type=\"text-editor.default\">\n\t\t\t\t\t\t\t\t\t<ul class=\"ul1\"><li class=\"li1\"><i>Integrado en el horario lectivo dentro de las distintas materias:<\/i><\/li><\/ul><ul class=\"ul2\"><li class=\"li1\"><i>Como herramienta transversal para facilitar la adquisici\u00f3n de conocimientos curriculares.<\/i><\/li><li class=\"li1\"><i>Como v\u00eda de inclusi\u00f3n e integraci\u00f3n, en especial para el alumnado con necesidades especiales.<\/i><\/li><li class=\"li1\"><i>Cursos para profesorado de primaria y secundaria.<\/i><\/li><\/ul>\t\t\t\t\t\t\t\t<\/div>\n\t\t\t\t<\/div>\n\t\t<div class=\"elementor-element elementor-element-66cd381 e-con-full e-flex e-con e-child\" data-id=\"66cd381\" data-element_type=\"container\">\n\t\t\t\t<div class=\"elementor-element elementor-element-72a0d95 elementor-widget elementor-widget-image\" data-id=\"72a0d95\" data-element_type=\"widget\" data-widget_type=\"image.default\">\n\t\t\t\t\t\t\t\t\t\t\t\t\t\t\t\t<a href=\"#\">\n\t\t\t\t\t\t\t<img decoding=\"async\" width=\"600\" height=\"600\" src=\"https:\/\/www.bfv.cloud\/ajedrezeuropa\/wp-content\/uploads\/2025\/12\/icon10.png\" class=\"attachment-full size-full wp-image-4540\" alt=\"\" srcset=\"https:\/\/www.bfv.cloud\/ajedrezeuropa\/wp-content\/uploads\/2025\/12\/icon10.png 600w, https:\/\/www.bfv.cloud\/ajedrezeuropa\/wp-content\/uploads\/2025\/12\/icon10-300x300.png 300w, https:\/\/www.bfv.cloud\/ajedrezeuropa\/wp-content\/uploads\/2025\/12\/icon10-150x150.png 150w\" sizes=\"(max-width: 600px) 100vw, 600px\" \/>\t\t\t\t\t\t\t\t<\/a>\n\t\t\t\t\t\t\t\t\t\t\t\t\t\t\t<\/div>\n\t\t\t\t<div class=\"elementor-element elementor-element-fc64e46 elementor-widget elementor-widget-heading\" data-id=\"fc64e46\" data-element_type=\"widget\" data-widget_type=\"heading.default\">\n\t\t\t\t\t<h3 class=\"elementor-heading-title elementor-size-default\">Ajedrez extraescolar<\/h3>\t\t\t\t<\/div>\n\t\t\t\t<div class=\"elementor-element elementor-element-d685080 elementor-widget elementor-widget-text-editor\" data-id=\"d685080\" data-element_type=\"widget\" data-widget_type=\"text-editor.default\">\n\t\t\t\t\t\t\t\t\tSe trabaja con las AMPAS de los 8 colegios de E.P. de Illescas con clases extraescolares de 4 a 6 de la tarde como complemento a las clases en horario lectivo para aquellos ni\u00f1os y ni\u00f1as interesados en adquirir mayores conocimientos de ajedrez.\n\t\t\t\t\t\t\t\t<\/div>\n\t\t\t\t<\/div>\n\t\t<div class=\"elementor-element elementor-element-5c1f63a e-con-full e-flex e-con e-child\" data-id=\"5c1f63a\" data-element_type=\"container\">\n\t\t\t\t<div class=\"elementor-element elementor-element-04ab65b elementor-widget elementor-widget-image\" data-id=\"04ab65b\" data-element_type=\"widget\" data-widget_type=\"image.default\">\n\t\t\t\t\t\t\t\t\t\t\t\t\t\t\t\t<a href=\"#\">\n\t\t\t\t\t\t\t<img decoding=\"async\" width=\"600\" height=\"600\" src=\"https:\/\/www.bfv.cloud\/ajedrezeuropa\/wp-content\/uploads\/2025\/12\/icon9.png\" class=\"attachment-full size-full wp-image-4539\" alt=\"\" srcset=\"https:\/\/www.bfv.cloud\/ajedrezeuropa\/wp-content\/uploads\/2025\/12\/icon9.png 600w, https:\/\/www.bfv.cloud\/ajedrezeuropa\/wp-content\/uploads\/2025\/12\/icon9-300x300.png 300w, https:\/\/www.bfv.cloud\/ajedrezeuropa\/wp-content\/uploads\/2025\/12\/icon9-150x150.png 150w\" sizes=\"(max-width: 600px) 100vw, 600px\" \/>\t\t\t\t\t\t\t\t<\/a>\n\t\t\t\t\t\t\t\t\t\t\t\t\t\t\t<\/div>\n\t\t\t\t<div class=\"elementor-element elementor-element-52a2dca elementor-widget elementor-widget-heading\" data-id=\"52a2dca\" data-element_type=\"widget\" data-widget_type=\"heading.default\">\n\t\t\t\t\t<h3 class=\"elementor-heading-title elementor-size-default\">Ajedrez deportivo<\/h3>\t\t\t\t<\/div>\n\t\t\t\t<div class=\"elementor-element elementor-element-b7bab3f elementor-widget elementor-widget-text-editor\" data-id=\"b7bab3f\" data-element_type=\"widget\" data-widget_type=\"text-editor.default\">\n\t\t\t\t\t\t\t\t\t<ul class=\"ul1\"><li class=\"li1\">A trav\u00e9s de las escuelas deportivas de ajedrez de Alc\u00e1zar de San Juan, Illescas, Villafranca de los Caballeros y Consuegra.<\/li><\/ul><ul class=\"ul2\"><li class=\"li1\">Clases de iniciaci\u00f3n al ajedrez para ni\u00f1os, j\u00f3venes y adultos, ampli\u00e1ndose a grupos de nivel perfeccionamiento y grupos enfocados a la competici\u00f3n deportiva.<\/li><li class=\"li1\">Las clases se imparten en formatos presencial y tambi\u00e9n online.<\/li><li class=\"li1\">Campus de verano y en periodo navide\u00f1o, donde colaboran 2 grandes maestros de ajedrez y otros entrenadores de experiencia contrastada.<\/li><li class=\"li1\">Participaci\u00f3n de los equipos de los clubes vinculados al proyecto en campeonatos oficiales en los distintos niveles territoriales: local, provincial, regional, nacional e internacional<\/li><li class=\"li1\">Organizaci\u00f3n de torneos presenciales y online.<\/li><li class=\"li1\">Arbitraje de torneos.<\/li><\/ul>\t\t\t\t\t\t\t\t<\/div>\n\t\t\t\t<\/div>\n\t\t<div class=\"elementor-element elementor-element-b0374ee e-con-full e-flex e-con e-child\" data-id=\"b0374ee\" data-element_type=\"container\">\n\t\t\t\t<div class=\"elementor-element elementor-element-18f6cc8 elementor-widget elementor-widget-image\" data-id=\"18f6cc8\" data-element_type=\"widget\" data-widget_type=\"image.default\">\n\t\t\t\t\t\t\t\t\t\t\t\t\t\t\t\t<a href=\"#\">\n\t\t\t\t\t\t\t<img loading=\"lazy\" decoding=\"async\" width=\"600\" height=\"600\" src=\"https:\/\/www.bfv.cloud\/ajedrezeuropa\/wp-content\/uploads\/2025\/12\/icon2.png\" class=\"attachment-full size-full wp-image-4535\" alt=\"\" srcset=\"https:\/\/www.bfv.cloud\/ajedrezeuropa\/wp-content\/uploads\/2025\/12\/icon2.png 600w, https:\/\/www.bfv.cloud\/ajedrezeuropa\/wp-content\/uploads\/2025\/12\/icon2-300x300.png 300w, https:\/\/www.bfv.cloud\/ajedrezeuropa\/wp-content\/uploads\/2025\/12\/icon2-150x150.png 150w\" sizes=\"(max-width: 600px) 100vw, 600px\" \/>\t\t\t\t\t\t\t\t<\/a>\n\t\t\t\t\t\t\t\t\t\t\t\t\t\t\t<\/div>\n\t\t\t\t<div class=\"elementor-element elementor-element-cfdb7c9 elementor-widget elementor-widget-heading\" data-id=\"cfdb7c9\" data-element_type=\"widget\" data-widget_type=\"heading.default\">\n\t\t\t\t\t<h3 class=\"elementor-heading-title elementor-size-default\">Divulgaci\u00f3n<\/h3>\t\t\t\t<\/div>\n\t\t\t\t<div class=\"elementor-element elementor-element-4b9e22d elementor-widget elementor-widget-text-editor\" data-id=\"4b9e22d\" data-element_type=\"widget\" data-widget_type=\"text-editor.default\">\n\t\t\t\t\t\t\t\t\t<ul class=\"ul1\"><li class=\"li1\">Redes sociales<\/li><li class=\"li1\">Congresos y charlas<\/li><li class=\"li1\">Medios de comunicaci\u00f3n<\/li><li class=\"li1\">Colaboraci\u00f3n con otras entidades como Peque\u00f1os Gigantes<\/li><\/ul>\t\t\t\t\t\t\t\t<\/div>\n\t\t\t\t<\/div>\n\t\t<div class=\"elementor-element elementor-element-54d8426 e-con-full e-flex e-con e-child\" data-id=\"54d8426\" data-element_type=\"container\">\n\t\t\t\t<div class=\"elementor-element elementor-element-d4a75b8 elementor-widget elementor-widget-image\" data-id=\"d4a75b8\" data-element_type=\"widget\" data-widget_type=\"image.default\">\n\t\t\t\t\t\t\t\t\t\t\t\t\t\t\t\t<a href=\"#\">\n\t\t\t\t\t\t\t<img loading=\"lazy\" decoding=\"async\" width=\"600\" height=\"600\" src=\"https:\/\/www.bfv.cloud\/ajedrezeuropa\/wp-content\/uploads\/2025\/12\/icon7.png\" class=\"attachment-full size-full wp-image-4538\" alt=\"\" srcset=\"https:\/\/www.bfv.cloud\/ajedrezeuropa\/wp-content\/uploads\/2025\/12\/icon7.png 600w, https:\/\/www.bfv.cloud\/ajedrezeuropa\/wp-content\/uploads\/2025\/12\/icon7-300x300.png 300w, https:\/\/www.bfv.cloud\/ajedrezeuropa\/wp-content\/uploads\/2025\/12\/icon7-150x150.png 150w\" sizes=\"(max-width: 600px) 100vw, 600px\" \/>\t\t\t\t\t\t\t\t<\/a>\n\t\t\t\t\t\t\t\t\t\t\t\t\t\t\t<\/div>\n\t\t\t\t<div class=\"elementor-element elementor-element-2c04d38 elementor-widget elementor-widget-heading\" data-id=\"2c04d38\" data-element_type=\"widget\" data-widget_type=\"heading.default\">\n\t\t\t\t\t<h3 class=\"elementor-heading-title elementor-size-default\">Ajedrez social <\/h3>\t\t\t\t<\/div>\n\t\t\t\t<div class=\"elementor-element elementor-element-ac759bd elementor-widget elementor-widget-text-editor\" data-id=\"ac759bd\" data-element_type=\"widget\" data-widget_type=\"text-editor.default\">\n\t\t\t\t\t\t\t\t\t<p>Cursos para la reinserci\u00f3n de los internos en centros penitenciarios.<\/p>\t\t\t\t\t\t\t\t<\/div>\n\t\t\t\t<\/div>\n\t\t<div class=\"elementor-element elementor-element-5b019f7 e-con-full e-flex e-con e-child\" data-id=\"5b019f7\" data-element_type=\"container\">\n\t\t\t\t<div class=\"elementor-element elementor-element-232d1cc elementor-widget elementor-widget-image\" data-id=\"232d1cc\" data-element_type=\"widget\" data-widget_type=\"image.default\">\n\t\t\t\t\t\t\t\t\t\t\t\t\t\t\t\t<a href=\"#\">\n\t\t\t\t\t\t\t<img loading=\"lazy\" decoding=\"async\" width=\"600\" height=\"600\" src=\"https:\/\/www.bfv.cloud\/ajedrezeuropa\/wp-content\/uploads\/2025\/12\/icon4.png\" class=\"attachment-full size-full wp-image-4534\" alt=\"\" srcset=\"https:\/\/www.bfv.cloud\/ajedrezeuropa\/wp-content\/uploads\/2025\/12\/icon4.png 600w, https:\/\/www.bfv.cloud\/ajedrezeuropa\/wp-content\/uploads\/2025\/12\/icon4-300x300.png 300w, https:\/\/www.bfv.cloud\/ajedrezeuropa\/wp-content\/uploads\/2025\/12\/icon4-150x150.png 150w\" sizes=\"(max-width: 600px) 100vw, 600px\" \/>\t\t\t\t\t\t\t\t<\/a>\n\t\t\t\t\t\t\t\t\t\t\t\t\t\t\t<\/div>\n\t\t\t\t<div class=\"elementor-element elementor-element-3879a71 elementor-widget elementor-widget-heading\" data-id=\"3879a71\" data-element_type=\"widget\" data-widget_type=\"heading.default\">\n\t\t\t\t\t<h3 class=\"elementor-heading-title elementor-size-default\">Ajedrez para grupos profesionales y universitarios<\/h3>\t\t\t\t<\/div>\n\t\t\t\t<div class=\"elementor-element elementor-element-fb573c5 elementor-widget elementor-widget-text-editor\" data-id=\"fb573c5\" data-element_type=\"widget\" data-widget_type=\"text-editor.default\">\n\t\t\t\t\t\t\t\t\t<p>Mediante la programaci\u00f3n de cursos para estudiantes de asistencia social a trav\u00e9s de la UNED o de formaci\u00f3n en ajedrez transversal para profesores y maestros en colaboraci\u00f3n con el C.R.F.P.<\/p>\t\t\t\t\t\t\t\t<\/div>\n\t\t\t\t<\/div>\n\t\t<div class=\"elementor-element elementor-element-480c34d e-con-full e-flex e-con e-child\" data-id=\"480c34d\" data-element_type=\"container\">\n\t\t\t\t<div class=\"elementor-element elementor-element-bdd1125 elementor-widget elementor-widget-image\" data-id=\"bdd1125\" data-element_type=\"widget\" data-widget_type=\"image.default\">\n\t\t\t\t\t\t\t\t\t\t\t\t\t\t\t\t<a href=\"#\">\n\t\t\t\t\t\t\t<img loading=\"lazy\" decoding=\"async\" width=\"600\" height=\"600\" src=\"https:\/\/www.bfv.cloud\/ajedrezeuropa\/wp-content\/uploads\/2025\/12\/icon4.png\" class=\"attachment-full size-full wp-image-4534\" alt=\"\" srcset=\"https:\/\/www.bfv.cloud\/ajedrezeuropa\/wp-content\/uploads\/2025\/12\/icon4.png 600w, https:\/\/www.bfv.cloud\/ajedrezeuropa\/wp-content\/uploads\/2025\/12\/icon4-300x300.png 300w, https:\/\/www.bfv.cloud\/ajedrezeuropa\/wp-content\/uploads\/2025\/12\/icon4-150x150.png 150w\" sizes=\"(max-width: 600px) 100vw, 600px\" \/>\t\t\t\t\t\t\t\t<\/a>\n\t\t\t\t\t\t\t\t\t\t\t\t\t\t\t<\/div>\n\t\t\t\t<div class=\"elementor-element elementor-element-f4e5ea0 elementor-widget elementor-widget-heading\" data-id=\"f4e5ea0\" data-element_type=\"widget\" data-widget_type=\"heading.default\">\n\t\t\t\t\t<h3 class=\"elementor-heading-title elementor-size-default\">Ajedrez solidario<\/h3>\t\t\t\t<\/div>\n\t\t\t\t<div class=\"elementor-element elementor-element-a6a7f5d elementor-widget elementor-widget-text-editor\" data-id=\"a6a7f5d\" data-element_type=\"widget\" data-widget_type=\"text-editor.default\">\n\t\t\t\t\t\t\t\t\t<p>Consiguiendo donaciones por la v\u00eda de la organizaci\u00f3n de torneos para la A.E.C.C. (Asociaci\u00f3n Espa\u00f1ola Contra el C\u00e1ncer), la Fundaci\u00f3n Luz\u00f3n (en favor de la investigaci\u00f3n de la E.L.A.) o la AFA Fuenteblanca (dedicada al trabajo con enfermos de Alzheimer)<\/p>\t\t\t\t\t\t\t\t<\/div>\n\t\t\t\t<\/div>\n\t\t\t\t<\/div>\n\t\t\t\t<\/div>\n\t\t\t\t\t<\/div>\n\t\t\t\t<\/div>\n\t\t\t\t<\/div>\n\t\t","protected":false},"excerpt":{"rendered":"<p>Nuestro Ajedrez en Europa ofrece un equipo de profesionales dentro del campo educativo y formativo en ajedrez. La experiencia de una d\u00e9cada en la formaci\u00f3n del alumnado de primaria y del profesorado de Educaci\u00f3n Primaria y Secundaria, a trav\u00e9s de los cursos anuales impartidos en colaboraci\u00f3n con el C.R.F.P. (Centro Regional de Formaci\u00f3n al Profesorado [&hellip;]<\/p>\n","protected":false},"author":1,"featured_media":0,"parent":0,"menu_order":0,"comment_status":"closed","ping_status":"closed","template":"","meta":{"footnotes":""},"class_list":["post-7","page","type-page","status-publish","hentry"],"_links":{"self":[{"href":"https:\/\/www.bfv.cloud\/ajedrezeuropa\/wp-json\/wp\/v2\/pages\/7","targetHints":{"allow":["GET"]}}],"collection":[{"href":"https:\/\/www.bfv.cloud\/ajedrezeuropa\/wp-json\/wp\/v2\/pages"}],"about":[{"href":"https:\/\/www.bfv.cloud\/ajedrezeuropa\/wp-json\/wp\/v2\/types\/page"}],"author":[{"embeddable":true,"href":"https:\/\/www.bfv.cloud\/ajedrezeuropa\/wp-json\/wp\/v2\/users\/1"}],"replies":[{"embeddable":true,"href":"https:\/\/www.bfv.cloud\/ajedrezeuropa\/wp-json\/wp\/v2\/comments?post=7"}],"version-history":[{"count":17,"href":"https:\/\/www.bfv.cloud\/ajedrezeuropa\/wp-json\/wp\/v2\/pages\/7\/revisions"}],"predecessor-version":[{"id":4670,"href":"https:\/\/www.bfv.cloud\/ajedrezeuropa\/wp-json\/wp\/v2\/pages\/7\/revisions\/4670"}],"wp:attachment":[{"href":"https:\/\/www.bfv.cloud\/ajedrezeuropa\/wp-json\/wp\/v2\/media?parent=7"}],"curies":[{"name":"wp","href":"https:\/\/api.w.org\/{rel}","templated":true}]}}